{"id":19318,"date":"2023-01-13T09:44:29","date_gmt":"2023-01-13T08:44:29","guid":{"rendered":"https:\/\/szslucnalc.sk\/?page_id=19318"},"modified":"2025-01-03T14:08:47","modified_gmt":"2025-01-03T13:08:47","slug":"erasmus-2022-23","status":"publish","type":"page","link":"https:\/\/szslucnalc.sk\/?page_id=19318","title":{"rendered":"Erasmus+ 2022-23"},"content":{"rendered":"\n<h2 class=\"wp-block-heading\"><strong>Erasmus+ 2022-23<\/strong><\/h2>\n\n\n<div class=\"wp-block-image\">\n<figure class=\"alignright size-large is-resized\"><a href=\"http:\/\/aszssr.sk\/2023\/07\/10\/zahranicne-staze-luceneckej-zdravotky-na-jednotku\/\"><img loading=\"lazy\" decoding=\"async\" width=\"1024\" height=\"724\" src=\"https:\/\/szslucnalc.sk\/wp-content\/uploads\/2023\/08\/Snimka-obrazovky-2023-08-16-074502-1024x724.png\" alt=\"\" class=\"wp-image-22075\" style=\"width:413px;height:291px\" srcset=\"https:\/\/szslucnalc.sk\/wp-content\/uploads\/2023\/08\/Snimka-obrazovky-2023-08-16-074502-1024x724.png 1024w, https:\/\/szslucnalc.sk\/wp-content\/uploads\/2023\/08\/Snimka-obrazovky-2023-08-16-074502-300x212.png 300w, https:\/\/szslucnalc.sk\/wp-content\/uploads\/2023\/08\/Snimka-obrazovky-2023-08-16-074502-768x543.png 768w, https:\/\/szslucnalc.sk\/wp-content\/uploads\/2023\/08\/Snimka-obrazovky-2023-08-16-074502-106x75.png 106w, https:\/\/szslucnalc.sk\/wp-content\/uploads\/2023\/08\/Snimka-obrazovky-2023-08-16-074502-960x679.png 960w, https:\/\/szslucnalc.sk\/wp-content\/uploads\/2023\/08\/Snimka-obrazovky-2023-08-16-074502-679x480.png 679w, https:\/\/szslucnalc.sk\/wp-content\/uploads\/2023\/08\/Snimka-obrazovky-2023-08-16-074502-480x340.png 480w, https:\/\/szslucnalc.sk\/wp-content\/uploads\/2023\/08\/Snimka-obrazovky-2023-08-16-074502.png 1411w\" sizes=\"auto, (max-width:767px) 480px, (max-width:1024px) 100vw, 1024px\" \/><\/a><\/figure>\n<\/div>\n\n\n<p><strong>Erasmus + vzdel\u00e1vacia mobilita jednotlivcov \u2013 mobilita u\u010diacich sa a&nbsp;zamestnancov v OVP<\/strong><\/p>\n\n\n\n<p>KA 1 \u2013 OVP \u2013 odborn\u00e9 vzdel\u00e1vanie a&nbsp;pr\u00edprava<\/p>\n\n\n\n<p><strong>N\u00e1zov: <\/strong>Odborn\u00e1 prax v&nbsp;zahrani\u010d\u00ed \u2013 cesta za poznan\u00edm<\/p>\n\n\n\n<p><strong>Celkov\u00e9 trvanie projektu:<\/strong> 15 mesiacov \u2013 (01.06.2022 \u2013 30.8.2023)<\/p>\n\n\n\n<p><strong>Po\u010det \u00fa\u010dastn\u00edkov spolu: <\/strong>30 (z toho 24 \u017eiakov a&nbsp;6 u\u010dite\u013eov)<\/p>\n\n\n\n<p><strong>Grant:<\/strong> 66&nbsp;545 \u20ac&nbsp;<\/p>\n\n\n\n<p><strong>F\u00e1zy projektu<\/strong> a <strong>partnersk\u00e9 organiz\u00e1cie:<\/strong><\/p>\n\n\n\n<ul class=\"wp-block-list\">\n<li>VITALIS Betreuungsgesellschaft f\u00fcr Modellprojekte mbH Nemecko Leipzig \u20132 \u017eiaci a&nbsp;1 sprev\u00e1dzaj\u00faca u\u010dite\u013eka \u2013 november 2022 &#8211;&nbsp; 2 t\u00fd\u017edne<\/li>\n\n\n\n<li>EPD &#8211; European Projects Development Rua Jos\u00e9 Ladislau de Sousa n\u00ba86 2870 Montijo Portugalsko \u2013 sprostredkuj\u00faca organiz\u00e1cia, miesto v\u00fdkonu&nbsp; mobility Montigo \u2013 8 \u017eiakov a&nbsp;2 sprev\u00e1dzaj\u00face u\u010dite\u013eky \u2013 m\u00e1j \u2013 j\u00fan 2023 3 t\u00fd\u017edne<\/li>\n\n\n\n<li>Fakultn\u00e1 nemocnica Praha \u2013 Motol &#8211; 8 \u017eiakov a 2 sprev\u00e1dzaj\u00face u\u010dite\u013eky \u2013 j\u00fan 2023 \u2013 2 t\u00fd\u017edne<\/li>\n\n\n\n<li>Universal Mobility SL \u0160panielsko Malaga \u2013 6 \u017eiakov + 1 sprev\u00e1dzaj\u00faca osoba<\/li>\n<\/ul>\n\n\n\n<p><\/p>\n\n\n\n<p><strong>Ciele aktiv\u00edt v&nbsp;oblasti mobility:<\/strong><\/p>\n\n\n\n<p>1. Z\u00edska\u0165 nov\u00e9 k\u013e\u00fa\u010dov\u00e9 kompetencie v&nbsp;OVP<\/p>\n\n\n\n<p>2. Zv\u00fd\u0161i\u0165 \u00farove\u0148 jazykov\u00fdch zru\u010dnost\u00ed \u017eiakov \u2013 plynul\u00e1 komunik\u00e1cia a&nbsp;pou\u017e\u00edvanie odborn\u00fdch pojmov v&nbsp;cudzom jazyku (uplatni\u0165 cudz\u00ed jazyk v&nbsp;praxi)<\/p>\n\n\n\n<p>3. Posilni\u0165 zdrav\u00e9 sebavedomie \u017eiakov pri pr\u00e1ci v&nbsp;medzin\u00e1rodnom t\u00edme v&nbsp;odli\u0161nom kult\u00farnom prostred\u00ed (a podporova\u0165 osobnostn\u00fd a&nbsp;profesion\u00e1lny rozvoj \u017eiakov)<\/p>\n\n\n\n<p>4. Umo\u017eni\u0165 \u017eiakom zo soci\u00e1lne slab\u0161ieho prostredia, \u017eiakom s&nbsp;nedostatkom pr\u00edle\u017eitost\u00ed a&nbsp;\u017eiakom z&nbsp;n\u00e1rodnostn\u00fdch men\u0161\u00edn z\u00fa\u010dastni\u0165 sa na programe mobility<\/p>\n\n\n\n<p>5. Inovova\u0165 a&nbsp;modernizova\u0165 v\u00fdu\u010dbu cudzieho jazyka s&nbsp;prepojen\u00edm odborn\u00fdch predmetov \u2013 zvy\u0161ova\u0165 jazykov\u00e9 zru\u010dnosti pedagogick\u00fdch zamestnancov<\/p>\n\n\n\n<p>6. Rozv\u00edja\u0165 odborn\u00fa a&nbsp;pedagogick\u00fa kompetenciu sprev\u00e1dzaj\u00facich os\u00f4b, ktor\u00e9 bud\u00fa m\u00f4c\u0165 obohati\u0165 svoje pedagogick\u00e9 majstrovstvo o&nbsp;didaktick\u00e9 techniky, odborn\u00e9 vedomosti a&nbsp;jazykov\u00e9 zru\u010dnosti<\/p>\n\n\n\n<p>7. Vyzdvihn\u00fa\u0165 spolo\u010dn\u00fd eur\u00f3psky rozmer a&nbsp;spolo\u010dn\u00e9 prvky eur\u00f3pskej kult\u00fary a&nbsp;tradi\u010dn\u00fdch hodn\u00f4t<\/p>\n\n\n\n<p><strong>Charakteristika:<\/strong><\/p>\n\n\n\n<p>V\u0161etky partnersk\u00e9 organiz\u00e1cie poskytn\u00fa \u00fa\u010dastn\u00edkom ubytovanie, stravu, potrebn\u00e9 inform\u00e1cie a&nbsp;pomoc v&nbsp;pr\u00edpade potreby. Na konci \u00faspe\u0161n\u00e9ho pobytu \u00fa\u010dastn\u00edci z\u00edskaj\u00fa dokument Europass Mobilita, Certifik\u00e1t o&nbsp;absolvovan\u00ed odbornej praxe a&nbsp;Hodnotiaci formul\u00e1r \u2013 Hodnotiaci z\u00e1znam u\u010debnej jednotky. V\u00fdsledn\u00e1 zn\u00e1mka z hodnotiaceho z\u00e1znamu sa pretransformuje do hodnotenia predmetu O\u0161etrovate\u013esk\u00e1 starostlivos\u0165 v danom ro\u010dn\u00edku a&nbsp;u\u010dite\u013eom do hodnotenia PZ.<\/p>\n\n\n\n<p><\/p>\n\n\n\n<p><strong>Krit\u00e9ri\u00e1 v\u00fdberu \u017eiakov&nbsp;&nbsp;&nbsp;&nbsp;&nbsp;&nbsp;<\/strong><\/p>\n\n\n\n<p><strong>Odborn\u00e1 st\u00e1\u017e&nbsp;<\/strong>je ur\u010den\u00e1 pre \u017eiakov 3. ro\u010dn\u00edka a 4. ro\u010dn\u00edka. V\u00fdberu sa m\u00f4\u017eu z\u00fa\u010dastni\u0165 v\u0161etci \u017eiaci. Do \u00favahy sa ber\u00fa jednotliv\u00e9 krit\u00e9ri\u00e1.<\/p>\n\n\n\n<p><strong>Podmienky v\u00fdberu pre \u017eiakov<\/strong>:<\/p>\n\n\n\n<p>zasla\u0165 prihl\u00e1\u0161ku (<a href=\"https:\/\/szslucnalc.sk\/wp-content\/uploads\/2022\/01\/PR.docx\" data-type=\"URL\">formul\u00e1r<\/a>), \u017eivotopis a&nbsp;motiva\u010dn\u00fd list, (formul\u00e1r \u2013&nbsp;<a href=\"https:\/\/europass.cedefop.europa.eu\/sk\/europass-documents\">https:\/\/europass.cedefop.europa.eu\/sk\/europass-documents<\/a>) odosla\u0165&nbsp; na edupage alebo osobne Mgr. Be\u00e1te Mur\u00edn <\/p>\n\n\n\n<p>Dosiahnutie \u010do najvy\u0161\u0161ieho po\u010dtu bodov v&nbsp;jednotliv\u00fdch krit\u00e9ri\u00e1ch (maximum 100 bodov )<\/p>\n\n\n\n<figure class=\"wp-block-table\"><table><tbody><tr><td><strong>Krit\u00e9ri\u00e1<\/strong><\/td><td>maxim\u00e1lny po\u010det bodov<\/td><\/tr><tr><td><strong>Prospech&nbsp;<\/strong>z odborn\u00fdch predmetov&nbsp;(O\u0160S, O\u0160E)<\/td><td><strong>30<\/strong><\/td><\/tr><tr><td><strong>Celkov\u00fd priemer zn\u00e1mok &nbsp;&nbsp;<\/strong>koniec 2. ro\u010dn\u00edka, tret\u00ed ro\u010dn\u00edk<\/td><td><strong>25<\/strong><\/td><\/tr><tr><td><strong>Doch\u00e1dzka<\/strong><\/td><td><strong>10<\/strong><\/td><\/tr><tr><td><strong>\u0160kolsk\u00e9 akcie \u2013&nbsp;<\/strong>aktvna \u00fa\u010das\u0165 na<strong>&nbsp;<\/strong>ZV \u2013 \u010dinnos\u0165, prv\u00e1 pomoc , SO\u010c,&nbsp; pr\u00e1ca v&nbsp;triede, \u0161portov\u00e9 akcie, olympi\u00e1dy,&nbsp; in\u00e9 (reprezent\u00e1cia \u0161koly, darovanie krvi\u2026)<\/td><td><strong>15<\/strong><\/td><\/tr><tr><td><strong>Spr\u00e1vanie<\/strong>  &#8211; stupe\u0148 hodnotenia spr\u00e1vania nesmie by\u0165 zn\u00ed\u017een\u00e1 zn\u00e1mka<\/td><td><strong>10<\/strong><\/td><\/tr><tr><td><strong>\u00dastny pohovor + soci\u00e1lna oblas\u0165 \u2013 (<\/strong>znev\u00fdhodnen\u00e9 prostredie\u2026)<\/td><td><strong>10<\/strong><\/td><\/tr><\/tbody><\/table><\/figure>\n\n\n\n<p><strong>Odborn\u00e1 komisia :&nbsp;<\/strong>ved\u00faca PK odborn\u00fdch predmetov, ved\u00face u\u010dite\u013eky odborn\u00fdch predmetov + triedny u\u010dite\u013e<\/p>\n\n\n\n<p><strong>V\u00fdberov\u00e9 konanie<\/strong>&nbsp;: <\/p>\n\n\n\n<ul class=\"wp-block-list\">\n<li>v\u00fdber 2 \u017eiakov zahrani\u010dn\u00e1 st\u00e1\u017e Nemecko<\/li>\n\n\n\n<li>v\u00fdber 8 \u017eiakov  zahrani\u010dn\u00e1 st\u00e1\u017e Portugalsko<\/li>\n\n\n\n<li>v\u00fdber 8 \u017eiakov zahrani\u010dn\u00e1 st\u00e1\u017e Praha<\/li>\n\n\n\n<li>v\u00fdber 8 \u017eiakov zahrani\u010dn\u00e1 st\u00e1\u017e \u0160panielsko<\/li>\n<\/ul>\n\n\n\n<p><strong>Pr\u00edprava \u00fa\u010dastn\u00edkov projektu&nbsp;<\/strong>:<\/p>\n\n\n\n<ol class=\"wp-block-list\">\n<li><em>kult\u00farna pr\u00edprava&nbsp;<\/em>(z\u00e1kladn\u00e9 inform\u00e1cie o&nbsp;krajine, geografia, dejiny, zauj\u00edmavosti a pracovn\u00e1 mor\u00e1lka)<\/li>\n\n\n\n<li><em>psychologick\u00e1 pr\u00edprava&nbsp;<\/em>na pr\u00e1cu v skupine, v cudzine, na nezn\u00e1mom mieste, v novom prostred\u00ed<\/li>\n\n\n\n<li><em>orienta\u010dn\u00e1 pr\u00edprava&nbsp;<\/em>(z\u00e1kladn\u00e9 inform\u00e1cie o&nbsp;hos\u0165uj\u00facich organiz\u00e1ci\u00e1ch, odchode, pr\u00edchode, o&nbsp;miestach st\u00e1\u017ee, potreb\u00e1ch dokladoch, ubytovan\u00ed, stravovan\u00ed, programe\u2026)<\/li>\n\n\n\n<li>jazykov\u00e1 pr\u00edprava (online jazykov\u00e1 podpora OLS)<\/li>\n<\/ol>\n\n\n\n<p>&nbsp;&nbsp;<strong>Nadobudnut\u00e9 kompetencie a&nbsp;zru\u010dnosti :<\/strong><\/p>\n\n\n\n<ul class=\"wp-block-list\">\n<li>v\u0161eobecn\u00e9 kompetencie (samostatn\u00e9 konanie v spolo\u010denskom a pracovnom \u017eivote)<\/li>\n\n\n\n<li>interakt\u00edvne vyu\u017e\u00edvanie vedomost\u00ed, informa\u010dno-komunika\u010dn\u00fdch technol\u00f3gi\u00ed a komunik\u00e1cia v cudzom jazyku<\/li>\n\n\n\n<li>schopnos\u0165 pracova\u0165 v r\u00f4znorod\u00fdch skupin\u00e1ch<\/li>\n\n\n\n<li>odborn\u00e9 kompetencie a praktick\u00e9 zru\u010dnosti pod\u013ea svojho zamerania (nov\u00e9 postupy, novinky vo svojom odbore)<\/li>\n<\/ul>\n\n\n\n<p><strong>Nadobudnut\u00e9 certifik\u00e1ty :<\/strong><\/p>\n\n\n\n<ul class=\"wp-block-list\">\n<li><strong>Europass mobilita<\/strong>&nbsp;(registrovan\u00fd certifik\u00e1t, ktor\u00fd je uzn\u00e1van\u00fd zamestn\u00e1vate\u013emi kdeko\u013evek v Eur\u00f3pe)<\/li>\n\n\n\n<li><strong>Certifik\u00e1t o&nbsp;absolvovan\u00ed odbornej st\u00e1\u017ee<\/strong><\/li>\n\n\n\n<li><strong>Europass \u017eivotopis (CV),<\/strong>&nbsp;ktor\u00fd bol nutnou pr\u00edlohou pri registr\u00e1cii do projektu<\/li>\n<\/ul>\n\n\n\n<p><strong>Monitor \u00fa\u010dastn\u00edkov po\u010das odbornej st\u00e1\u017ee:<\/strong><\/p>\n\n\n\n<ul class=\"wp-block-list\">\n<li>pracovn\u00fd denn\u00edk<\/li>\n\n\n\n<li>diskusia so sprev\u00e1dzaj\u00facim u\u010dite\u013eom<\/li>\n\n\n\n<li>zaznamen\u00e1vanie pracovnej \u010dinnosti vo forme fotiek a videoz\u00e1znamov, ich priebe\u017en\u00e9 publikovanie na FB \u0161koly a vo v\u00fdslednej prezent\u00e1cii projektu<\/li>\n\n\n\n<li>n\u00e1v\u0161teva sprev\u00e1dzaj\u00facich os\u00f4b a kontrola na prev\u00e1dzkach, pohovor s t\u00fatormi<\/li>\n\n\n\n<li>p\u00edsomn\u00e9 hodnotenie t\u00fatora o aktivite a spr\u00e1van\u00ed \u017eiaka do osobn\u00e9ho z\u00e1znamu \u017eiaka<\/li>\n<\/ul>\n\n\n\n<h2 class=\"wp-block-heading\"><\/h2>\n","protected":false},"excerpt":{"rendered":"<p>Erasmus+ 2022-23 Erasmus + vzdel&aacute;vacia mobilita jednotlivcov &ndash; mobilita u&#269;iacich sa a&nbsp;zamestnancov v OVP KA 1 &ndash; OVP &ndash; odborn&eacute; vzdel&aacute;vanie a&nbsp;pr&iacute;prava N&aacute;zov: Odborn&aacute; prax v&nbsp;zahrani&#269;&iacute;<span class=\"excerpt-hellip\"> [\u2026]<\/span><\/p>\n","protected":false},"author":2,"featured_media":0,"parent":0,"menu_order":0,"comment_status":"closed","ping_status":"closed","template":"","meta":{"footnotes":""},"class_list":["post-19318","page","type-page","status-publish","hentry"],"aioseo_notices":[],"_links":{"self":[{"href":"https:\/\/szslucnalc.sk\/index.php?rest_route=\/wp\/v2\/pages\/19318","targetHints":{"allow":["GET"]}}],"collection":[{"href":"https:\/\/szslucnalc.sk\/index.php?rest_route=\/wp\/v2\/pages"}],"about":[{"href":"https:\/\/szslucnalc.sk\/index.php?rest_route=\/wp\/v2\/types\/page"}],"author":[{"embeddable":true,"href":"https:\/\/szslucnalc.sk\/index.php?rest_route=\/wp\/v2\/users\/2"}],"replies":[{"embeddable":true,"href":"https:\/\/szslucnalc.sk\/index.php?rest_route=%2Fwp%2Fv2%2Fcomments&post=19318"}],"version-history":[{"count":15,"href":"https:\/\/szslucnalc.sk\/index.php?rest_route=\/wp\/v2\/pages\/19318\/revisions"}],"predecessor-version":[{"id":29393,"href":"https:\/\/szslucnalc.sk\/index.php?rest_route=\/wp\/v2\/pages\/19318\/revisions\/29393"}],"wp:attachment":[{"href":"https:\/\/szslucnalc.sk\/index.php?rest_route=%2Fwp%2Fv2%2Fmedia&parent=19318"}],"curies":[{"name":"wp","href":"https:\/\/api.w.org\/{rel}","templated":true}]}}