{"id":28992,"date":"2024-12-12T08:14:09","date_gmt":"2024-12-12T07:14:09","guid":{"rendered":"https:\/\/szslucnalc.sk\/?page_id=28992"},"modified":"2024-12-13T12:57:41","modified_gmt":"2024-12-13T11:57:41","slug":"euroscola-v-skolskom-roku-2024-2025","status":"publish","type":"page","link":"https:\/\/szslucnalc.sk\/?page_id=28992","title":{"rendered":"Euroscola v \u0161kolskom roku 2024-2025"},"content":{"rendered":"\n<h1 class=\"wp-block-heading\"><strong>Euroscola v \u0161kolskom roku 2024-2025<\/strong><\/h1>\n\n\n\n<p><strong>Zameranie :<\/strong> Po eurovo\u013eb\u00e1ch, ktor\u00e9 sa konali v j\u00fani, vznikol nov\u00fd Parlament, v novom zlo\u017een\u00ed. Za\u010dalo sa nov\u00e9 legislat\u00edvne obdobie. Europoslanci postupne obnovuj\u00fa pr\u00e1cu na legislat\u00edve, ktor\u00e1 nebola dokon\u010den\u00e1 vo volebnom obdob\u00ed 2019 &#8211; 2024 a po vytvoren\u00ed novej Komisie za\u010dne t\u00e1to predklada\u0165 aj nov\u00e9 legislat\u00edvne n\u00e1vrhy, ktor\u00e9 bude ma\u0165 Parlament mo\u017enos\u0165 presk\u00fama\u0165 a meni\u0165. \u010comu by sa mal Parlament v nasleduj\u00facich 5 rokoch venova\u0165? Ak\u00e9 t\u00e9my by mali formova\u0165 bud\u00facnos\u0165 E\u00da a \u017eivoty n\u00e1s v\u0161etk\u00fdch? To je hlavn\u00e9 zameranie Euroscoly v&nbsp;\u0161kolskom roku 2024 \u2013 2025. <\/p>\n\n\n\n<p>Program funguje od roku 1990 a ro\u010dne sa pracovn\u00fdch dn\u00ed Euroscola v \u0160trasburgu z\u00fa\u010dastn\u00ed asi 10 000 mlad\u00fdch \u013eud\u00ed z Eur\u00f3py. Po\u010das pracovn\u00e9ho d\u0148a Euroscola \u00fa\u010dastn\u00edci programu rokuj\u00fa s rovesn\u00edkmi z ostatn\u00fdch \u010dlensk\u00fdch kraj\u00edn na r\u00f4zne aktu\u00e1lne t\u00e9my, pri\u010dom vyu\u017e\u00edvaj\u00fa svoje jazykov\u00e9 znalosti na prezent\u00e1ciu svojich n\u00e1zorov. Komunika\u010dn\u00fdm jazykom pracovn\u00e9ho d\u0148a je hlavne angli\u010dtina. Je to teda pr\u00edle\u017eitos\u0165 overi\u0165 si jazykov\u00e9 zru\u010dnosti a vysk\u00fa\u0161a\u0165 si rokovanie v medzin\u00e1rodnom kolekt\u00edve.<\/p>\n\n\n\n<p><strong>\u00da\u010dastn\u00edci :<\/strong> \u0161tudenti S\u0160<\/p>\n\n\n\n<p><strong>Realiz\u00e1cia :<\/strong><\/p>\n\n\n\n<ul class=\"wp-block-list\">\n<li>usporiadanie jedno alebo viac podujat\u00ed s&nbsp;cie\u013eom&nbsp;diskutova\u0165 o&nbsp;fungovan\u00ed Eur\u00f3pskeho parlamentu, Eur\u00f3pskej \u00danie<\/li>\n\n\n\n<li>m\u00f4\u017ee to by\u0165 napr. prezent\u00e1cia spojen\u00e1 s diskusiou, predn\u00e1\u0161ka v spojen\u00ed s diskusiou, workshop a in\u00e9.<\/li>\n\n\n\n<li>na podujatie m\u00f4\u017eu \u0161koly pozva\u0165 ako predn\u00e1\u0161aj\u00facich aj extern\u00fdch host\u00ed, napr. poslancov Eur\u00f3pskeho parlamentu, NR SR&#8230;<\/li>\n<\/ul>\n\n\n\n<p><strong>Term\u00edn <\/strong>: okt\u00f3ber 2024 &#8211; december 2024<\/p>\n\n\n\n<p><strong>T\u00e9ma s\u00fa\u0165a\u017ee: Eur\u00f3psky parlament v bud\u00facnosti, bud\u00facnos\u0165 Eur\u00f3pskej \u00fanie<\/strong><\/p>\n\n\n\n<p><strong>Hodnotenie : <\/strong>Kancel\u00e1ria EP na Slovensku<\/p>\n\n\n\n<p><strong>Vyhl\u00e1senie v\u00fdsledkov : janu\u00e1r 2025&nbsp; , <\/strong>na sl\u00e1vnostnom podujat\u00ed v\u00ed\u0165azi predstavia svoje projekty. V\u00fdsledky bud\u00fa n\u00e1sledne zverejnen\u00e9 na internetovej str\u00e1nke www.europskyparlament.sk.<\/p>\n\n\n\n<p><strong>Uskuto\u010dnen\u00e9 aktivity :<\/strong><\/p>\n\n\n\n<p>Program Euroscola je v\u00fdnimo\u010dnou pr\u00edle\u017eitos\u0165ou pre \u0161tudentov stredn\u00fdch \u0161k\u00f4l za\u017ei\u0165 eur\u00f3psku spolupr\u00e1cu a rozhodovanie na vlastnej ko\u017ei. \u0160tudenti stredn\u00fdch \u0161k\u00f4l zo v\u0161etk\u00fdch \u010dlensk\u00fdch kraj\u00edn Eur\u00f3pskej \u00fanie maj\u00fa mo\u017enos\u0165 sta\u0165 sa na jeden de\u0148 poslancom Eur\u00f3pskeho parlamentu.<\/p>\n\n\n\n<p>Hlavn\u00e1 t\u00e9ma tohtoro\u010dn\u00fdch podujat\u00ed bola &nbsp;<strong>\u201e<\/strong><strong>Eur\u00f3psky parlament v bud\u00facnosti, bud\u00facnos\u0165 Eur\u00f3pskej \u00fanie\u201c.<\/strong><\/p>\n\n\n\n<p><strong>Stanoven\u00e9 ciele:<\/strong><\/p>\n\n\n\n<p>&#8211;&nbsp; &nbsp; informova\u0165 \u0161tudentov \u0161koly, pedag\u00f3gov, verejnos\u0165 o pr\u00e1ci Eur\u00f3pskeho parlamentu v&nbsp;s\u00fa\u010dasnom, aj v&nbsp;nasleduj\u00facom&nbsp; parlamentnom obdob\u00ed, o&nbsp;fungovan\u00ed Eur\u00f3pskej \u00daniii<\/p>\n\n\n\n<p>&#8211;&nbsp; &nbsp; zoorganizova\u0165 podujatia, ktor\u00fdch <strong>cie\u013eom bude diskusia o <\/strong>\u010dinnosti Eur\u00f3pskeho parlamentu<\/p>\n\n\n\n<p>&#8211;&nbsp; &nbsp; z\u00edska\u0165 popredn\u00e9 umiestnenia na <strong>podujat\u00ed Euroscola <\/strong>za \u00fa\u010dasti poslancov Eur\u00f3pskeho parlamentu ako aj in\u00fdch vplyvn\u00fdch osobnost\u00ed<\/p>\n\n\n\n<p>Pre naplnenie stanoven\u00fdch cie\u013eov \u017eiaci 2. a&nbsp;4. ro\u010dn\u00edkov za koordin\u00e1cii pedag\u00f3gov zorganizovali r\u00f4zne aktivity a&nbsp;podujatia, zameran\u00e9 na upevnenie a z\u00edskanie inform\u00e1ci\u00ed o&nbsp; Eur\u00f3pskom parlamente, ale aj o&nbsp;Eur\u00f3pskej \u00fanii, so zapojen\u00edm kritick\u00e9ho myslenia a&nbsp;neust\u00e1lom podporovan\u00ed ich ob\u010dianskej zodpovednosti.<\/p>\n\n\n\n<p>Pr\u00edpravu a&nbsp;realiz\u00e1ciu zabezpe\u010doval realiza\u010dn\u00fd t\u00edm v&nbsp;zlo\u017een\u00ed 17 \u0161tudentov v&nbsp;spolupr\u00e1ci s&nbsp;pedag\u00f3gmi PhDr. Miroslavou Sekulovou, Mgr. Evou Czakovou a&nbsp;Mgr. Miroslavom Sekulom. &nbsp;<\/p>\n\n\n\n<p>Aktivity:<\/p>\n\n\n\n<p>Euroscol\u00e1ci vytvorili <strong>POZV\u00c1NKU<\/strong> &#8211; podujatia organizovan\u00e9 na na\u0161ej \u0161kole na podporu diskusie na t\u00e9mu <strong>\u201eEur\u00f3psky parlament v bud\u00facnosti, bud\u00facnos\u0165 Eur\u00f3pskej \u00fanie\u201c.<\/strong> <a href=\"https:\/\/szslucnalc.sk\/wp-content\/uploads\/2024\/12\/pozvanka3.pdf\" target=\"_blank\" rel=\"noopener\" title=\"\"><strong>TU<\/strong><\/a> <\/p>\n\n\n\n<p><strong>PLAG\u00c1T \u201eEur\u00f3psky parlament 2024 &#8211; 2029\u201c<\/strong>, ktor\u00fd tie\u017e vytvorili na\u0161i \u017eiaci <a href=\"https:\/\/szslucnalc.sk\/wp-content\/uploads\/2024\/12\/eu-test2.pdf\" target=\"_blank\" rel=\"noopener\" title=\"\"><strong>TU<\/strong><\/a><\/p>\n\n\n\n<p><strong>Online beseda s&nbsp;europoslanky\u0148o Veronikou Cifrovou Ostriho\u0148ovou TU <\/strong>a&nbsp;vytvorenie pozv\u00e1nky na akciu<strong> <a href=\"https:\/\/szslucnalc.sk\/?p=28338\" title=\"TU\">TU<\/a><\/strong><\/p>\n\n\n\n<p><strong>Predn\u00e1\u0161ka spojen\u00e1 s diskusiou na t\u00e9mu \u201c\u010cinnos\u0165 EP a mo\u017enosti, ktor\u00e9 pon\u00faka E\u00da pre mlad\u00fdch \u013eud\u00ed, fungovanie EP v bud\u00facnosti \u201d<\/strong> , ktor\u00fa zabezpe\u010dila Europe Direct Lu\u010denec <strong><a href=\"https:\/\/szslucnalc.sk\/?p=28425\" title=\"TU\">TU<\/a><\/strong><\/p>\n\n\n\n<p><strong>Ako funguje Eur\u00f3psky parlament \u2013 <\/strong>kv\u00edz, ktor\u00fd zabezpe\u010dovali \u0161tudenti SZ\u0160 cez platformu E\u00da \u2013 \u0161tudenti sa stali europoslancami a&nbsp;rie\u0161ili ekologick\u00e9 probl\u00e9my<strong> <a href=\"https:\/\/szslucnalc.sk\/?p=28811\" title=\"TU\">TU<\/a><\/strong><\/p>\n\n\n\n<p><strong>Workshop organizovan\u00fd \u017eiakmi SZ\u0160 na t\u00e9mu &#8211; Eur\u00f3psky parlament \u2013 dnes a&nbsp;v&nbsp;bud\u00facnosti <\/strong>spojen\u00fd s&nbsp;anketou \u017eiakov a&nbsp;kv\u00edzom <strong><a href=\"https:\/\/szslucnalc.sk\/?p=28621\" title=\"TU \">TU<\/a><\/strong><\/p>\n\n\n\n<p><strong>Online Diskusia s poslanky\u0148ou NR SR Mgr. M\u00e1riou Kol\u00edkovou <\/strong>na t\u00e9mu \u201cEur\u00f3psky parlament dnes a&nbsp;v&nbsp;bud\u00facnosti a&nbsp;spolupr\u00e1ca s parlamentom na Slovensku\u201c <strong><a href=\"https:\/\/szslucnalc.sk\/?p=28866\" title=\"TU\">TU<\/a><\/strong><\/p>\n\n\n\n<p>\u00da\u010das\u0165 na <strong>celoslovenskom kole Olympi\u00e1de E\u00da<\/strong> s&nbsp;v\u00fdborn\u00fdm umiestnen\u00edm \u2013 29 bodov z&nbsp;celkov\u00fdch 30 bodov <strong><a href=\"https:\/\/szslucnalc.sk\/?p=27982\" title=\"TU\">TU<\/a><\/strong><\/p>\n\n\n\n<p><strong>Bro\u017e\u00fara EUROPARLAMENT v&nbsp;s\u00fa\u010dastnosti <\/strong>\u2013 hlavn\u00e9 inform\u00e1cie o&nbsp;fungovan\u00ed Eur\u00f3pskeho parlamentu, rozhovory s&nbsp;jednotliv\u00fdmi europoslancami <strong><a href=\"https:\/\/szslucnalc.sk\/wp-content\/uploads\/2024\/12\/brozura-final.pdf\" target=\"_blank\" rel=\"noopener\" title=\"TU\">TU<\/a><\/strong><\/p>\n\n\n\n<p>O aktivit\u00e1ch a\u00a0podujatiach, ktor\u00e9 uskuto\u010dnili na\u0161i \u017eiaci v\u00a0r\u00e1mci programu EUROSOLA 2024 si m\u00f4\u017eete pozrie\u0165\u00a0toto <a href=\"https:\/\/szslucnalc.sk\/wp-content\/uploads\/2024\/12\/eu.mp4\" target=\"_blank\" rel=\"noopener\" title=\"VIDEO\"><strong>VIDEO<\/strong><\/a><\/p>\n\n\n\n<div class=\"wp-block-columns is-layout-flex wp-container-core-columns-is-layout-9d6595d7 wp-block-columns-is-layout-flex\">\n<div class=\"wp-block-column is-layout-flow wp-block-column-is-layout-flow\">\n<figure class=\"wp-block-embed is-type-wp-embed is-provider-stredn-zdravotn-cka-kola-lu-enec wp-block-embed-stredn-zdravotn-cka-kola-lu-enec\"><div class=\"wp-block-embed__wrapper\">\n<blockquote class=\"wp-embedded-content\" data-secret=\"ymPzh8DKmj\"><a href=\"https:\/\/szslucnalc.sk\/?p=27982\">Olympi\u00e1da o\u00a0Eur\u00f3pskej \u00fanii&#8230;<\/a><\/blockquote><iframe loading=\"lazy\" class=\"wp-embedded-content\" sandbox=\"allow-scripts\" security=\"restricted\" style=\"position: absolute; clip: rect(1px, 1px, 1px, 1px);\" title=\"&#8220;Olympi\u00e1da o\u00a0Eur\u00f3pskej \u00fanii&#8230;&#8221; &#8212; Stredn\u00e1 zdravotn\u00edcka \u0161kola Lu\u010denec\" src=\"https:\/\/szslucnalc.sk\/?p=27982&#038;embed=true#?secret=pPxoQoMbOH#?secret=ymPzh8DKmj\" data-secret=\"ymPzh8DKmj\" width=\"600\" height=\"338\" frameborder=\"0\" marginwidth=\"0\" marginheight=\"0\" scrolling=\"no\"><\/iframe>\n<\/div><\/figure>\n<\/div>\n\n\n\n<div class=\"wp-block-column is-layout-flow wp-block-column-is-layout-flow\">\n<figure class=\"wp-block-embed is-type-wp-embed is-provider-stredn-zdravotn-cka-kola-lu-enec wp-block-embed-stredn-zdravotn-cka-kola-lu-enec\"><div class=\"wp-block-embed__wrapper\">\n<blockquote class=\"wp-embedded-content\" data-secret=\"RR8qiP17Xp\"><a href=\"https:\/\/szslucnalc.sk\/?p=28338\">Ako funguje Eur\u00f3psky parlament?<\/a><\/blockquote><iframe loading=\"lazy\" class=\"wp-embedded-content\" sandbox=\"allow-scripts\" security=\"restricted\" style=\"position: absolute; clip: rect(1px, 1px, 1px, 1px);\" title=\"&#8220;Ako funguje Eur\u00f3psky parlament?&#8221; &#8212; Stredn\u00e1 zdravotn\u00edcka \u0161kola Lu\u010denec\" src=\"https:\/\/szslucnalc.sk\/?p=28338&#038;embed=true#?secret=6d7eR9rYUD#?secret=RR8qiP17Xp\" data-secret=\"RR8qiP17Xp\" width=\"600\" height=\"338\" frameborder=\"0\" marginwidth=\"0\" marginheight=\"0\" scrolling=\"no\"><\/iframe>\n<\/div><\/figure>\n<\/div>\n<\/div>\n\n\n\n<div class=\"wp-block-columns is-layout-flex wp-container-core-columns-is-layout-9d6595d7 wp-block-columns-is-layout-flex\">\n<div class=\"wp-block-column is-layout-flow wp-block-column-is-layout-flow\">\n<figure class=\"wp-block-embed is-type-wp-embed is-provider-stredn-zdravotn-cka-kola-lu-enec wp-block-embed-stredn-zdravotn-cka-kola-lu-enec\"><div class=\"wp-block-embed__wrapper\">\n<blockquote class=\"wp-embedded-content\" data-secret=\"dTqAb7NqSF\"><a href=\"https:\/\/szslucnalc.sk\/?p=28425\">\u010eal\u0161ia diskusia o\u00a0fungovan\u00ed Eur\u00f3pskeho parlamentu<\/a><\/blockquote><iframe loading=\"lazy\" class=\"wp-embedded-content\" sandbox=\"allow-scripts\" security=\"restricted\" style=\"position: absolute; clip: rect(1px, 1px, 1px, 1px);\" title=\"&#8220;\u010eal\u0161ia diskusia o\u00a0fungovan\u00ed Eur\u00f3pskeho parlamentu&#8221; &#8212; Stredn\u00e1 zdravotn\u00edcka \u0161kola Lu\u010denec\" src=\"https:\/\/szslucnalc.sk\/?p=28425&#038;embed=true#?secret=oIUe1TTQbJ#?secret=dTqAb7NqSF\" data-secret=\"dTqAb7NqSF\" width=\"600\" height=\"338\" frameborder=\"0\" marginwidth=\"0\" marginheight=\"0\" scrolling=\"no\"><\/iframe>\n<\/div><\/figure>\n<\/div>\n\n\n\n<div class=\"wp-block-column is-layout-flow wp-block-column-is-layout-flow\">\n<figure class=\"wp-block-embed is-type-wp-embed is-provider-stredn-zdravotn-cka-kola-lu-enec wp-block-embed-stredn-zdravotn-cka-kola-lu-enec\"><div class=\"wp-block-embed__wrapper\">\n<blockquote class=\"wp-embedded-content\" data-secret=\"NhJV5KV0X6\"><a href=\"https:\/\/szslucnalc.sk\/?p=28621\">Ako funguje Europarlament?<\/a><\/blockquote><iframe loading=\"lazy\" class=\"wp-embedded-content\" sandbox=\"allow-scripts\" security=\"restricted\" style=\"position: absolute; clip: rect(1px, 1px, 1px, 1px);\" title=\"&#8220;Ako funguje Europarlament?&#8221; &#8212; Stredn\u00e1 zdravotn\u00edcka \u0161kola Lu\u010denec\" src=\"https:\/\/szslucnalc.sk\/?p=28621&#038;embed=true#?secret=P2CfnnGbi4#?secret=NhJV5KV0X6\" data-secret=\"NhJV5KV0X6\" width=\"600\" height=\"338\" frameborder=\"0\" marginwidth=\"0\" marginheight=\"0\" scrolling=\"no\"><\/iframe>\n<\/div><\/figure>\n<\/div>\n<\/div>\n\n\n\n<div class=\"wp-block-columns is-layout-flex wp-container-core-columns-is-layout-9d6595d7 wp-block-columns-is-layout-flex\">\n<div class=\"wp-block-column is-layout-flow wp-block-column-is-layout-flow\">\n<figure class=\"wp-block-embed is-type-wp-embed is-provider-stredn-zdravotn-cka-kola-lu-enec wp-block-embed-stredn-zdravotn-cka-kola-lu-enec\"><div class=\"wp-block-embed__wrapper\">\n<blockquote class=\"wp-embedded-content\" data-secret=\"8Fa4ERFXAk\"><a href=\"https:\/\/szslucnalc.sk\/?p=28811\">Stali sme sa poslancami Europarlamentu&#8230;<\/a><\/blockquote><iframe loading=\"lazy\" class=\"wp-embedded-content\" sandbox=\"allow-scripts\" security=\"restricted\" style=\"position: absolute; clip: rect(1px, 1px, 1px, 1px);\" title=\"&#8220;Stali sme sa poslancami Europarlamentu&#8230;&#8221; &#8212; Stredn\u00e1 zdravotn\u00edcka \u0161kola Lu\u010denec\" src=\"https:\/\/szslucnalc.sk\/?p=28811&#038;embed=true#?secret=tLTEkerP2U#?secret=8Fa4ERFXAk\" data-secret=\"8Fa4ERFXAk\" width=\"600\" height=\"338\" frameborder=\"0\" marginwidth=\"0\" marginheight=\"0\" scrolling=\"no\"><\/iframe>\n<\/div><\/figure>\n<\/div>\n\n\n\n<div class=\"wp-block-column is-layout-flow wp-block-column-is-layout-flow\">\n<figure class=\"wp-block-embed is-type-wp-embed is-provider-stredn-zdravotn-cka-kola-lu-enec wp-block-embed-stredn-zdravotn-cka-kola-lu-enec\"><div class=\"wp-block-embed__wrapper\">\n<blockquote class=\"wp-embedded-content\" data-secret=\"atGOzKCZgc\"><a href=\"https:\/\/szslucnalc.sk\/?p=28866\">Ak\u00e1 je bud\u00facnos\u0165 Eur\u00f3pskej \u00fanie, ako funguje E\u00da, ako spolupracuje parlament SR s\u00a0eur\u00f3pskym parlamentom?<\/a><\/blockquote><iframe loading=\"lazy\" class=\"wp-embedded-content\" sandbox=\"allow-scripts\" security=\"restricted\" style=\"position: absolute; clip: rect(1px, 1px, 1px, 1px);\" title=\"&#8220;Ak\u00e1 je bud\u00facnos\u0165 Eur\u00f3pskej \u00fanie, ako funguje E\u00da, ako spolupracuje parlament SR s\u00a0eur\u00f3pskym parlamentom?&#8221; &#8212; Stredn\u00e1 zdravotn\u00edcka \u0161kola Lu\u010denec\" src=\"https:\/\/szslucnalc.sk\/?p=28866&#038;embed=true#?secret=htoO6kVgMB#?secret=atGOzKCZgc\" data-secret=\"atGOzKCZgc\" width=\"600\" height=\"338\" frameborder=\"0\" marginwidth=\"0\" marginheight=\"0\" scrolling=\"no\"><\/iframe>\n<\/div><\/figure>\n<\/div>\n<\/div>\n","protected":false},"excerpt":{"rendered":"<p>Euroscola v &scaron;kolskom roku 2024-2025 Zameranie : Po eurovo&#318;b&aacute;ch, ktor&eacute; sa konali v j&uacute;ni, vznikol nov&yacute; Parlament, v novom zlo&#382;en&iacute;. Za&#269;alo sa nov&eacute; legislat&iacute;vne obdobie. Europoslanci<span class=\"excerpt-hellip\"> [\u2026]<\/span><\/p>\n","protected":false},"author":1001014,"featured_media":0,"parent":0,"menu_order":0,"comment_status":"closed","ping_status":"closed","template":"","meta":{"footnotes":""},"class_list":["post-28992","page","type-page","status-publish","hentry"],"aioseo_notices":[],"_links":{"self":[{"href":"https:\/\/szslucnalc.sk\/index.php?rest_route=\/wp\/v2\/pages\/28992","targetHints":{"allow":["GET"]}}],"collection":[{"href":"https:\/\/szslucnalc.sk\/index.php?rest_route=\/wp\/v2\/pages"}],"about":[{"href":"https:\/\/szslucnalc.sk\/index.php?rest_route=\/wp\/v2\/types\/page"}],"author":[{"embeddable":true,"href":"https:\/\/szslucnalc.sk\/index.php?rest_route=\/wp\/v2\/users\/1001014"}],"replies":[{"embeddable":true,"href":"https:\/\/szslucnalc.sk\/index.php?rest_route=%2Fwp%2Fv2%2Fcomments&post=28992"}],"version-history":[{"count":13,"href":"https:\/\/szslucnalc.sk\/index.php?rest_route=\/wp\/v2\/pages\/28992\/revisions"}],"predecessor-version":[{"id":29032,"href":"https:\/\/szslucnalc.sk\/index.php?rest_route=\/wp\/v2\/pages\/28992\/revisions\/29032"}],"wp:attachment":[{"href":"https:\/\/szslucnalc.sk\/index.php?rest_route=%2Fwp%2Fv2%2Fmedia&parent=28992"}],"curies":[{"name":"wp","href":"https:\/\/api.w.org\/{rel}","templated":true}]}}